{"id":2877,"date":"2021-06-11T16:51:47","date_gmt":"2021-06-11T14:51:47","guid":{"rendered":"https:\/\/ns332467.ip-37-187-254.eu\/~nicolasgigot\/lesen-sie-die-pressestimmen\/"},"modified":"2024-04-11T13:56:31","modified_gmt":"2024-04-11T11:56:31","slug":"lesen-sie-die-pressestimmen","status":"publish","type":"page","link":"https:\/\/fondation-nicolasgigot.org\/de\/lesen-sie-die-pressestimmen\/","title":{"rendered":"Lesen Sie die Pressestimmen"},"content":{"rendered":"\t\t<div data-elementor-type=\"wp-page\" data-elementor-id=\"2877\" class=\"elementor elementor-2877 elementor-69\" data-elementor-post-type=\"page\">\n\t\t\t\t\t\t<section class=\"elementor-section elementor-top-section elementor-element elementor-element-7684eca elementor-section-content-middle elementor-section-boxed elementor-section-height-default elementor-section-height-default\" data-id=\"7684eca\" data-element_type=\"section\">\n\t\t\t\t\t\t<div class=\"elementor-container elementor-column-gap-default\">\n\t\t\t\t\t<div class=\"elementor-column elementor-col-100 elementor-top-column elementor-element elementor-element-5754908\" data-id=\"5754908\" data-element_type=\"column\">\n\t\t\t<div class=\"elementor-widget-wrap elementor-element-populated\">\n\t\t\t\t\t\t<div class=\"elementor-element elementor-element-4191134 elementor-widget__width-auto elementor-widget elementor-widget-heading\" data-id=\"4191134\" data-element_type=\"widget\" data-widget_type=\"heading.default\">\n\t\t\t\t<div class=\"elementor-widget-container\">\n\t\t\t\t\t<h2 class=\"elementor-heading-title elementor-size-default\">Alle Elemente<\/h2>\t\t\t\t<\/div>\n\t\t\t\t<\/div>\n\t\t\t\t\t<\/div>\n\t\t<\/div>\n\t\t\t\t\t<\/div>\n\t\t<\/section>\n\t\t\t\t<section class=\"elementor-section elementor-top-section elementor-element elementor-element-92ef320 elementor-section-boxed elementor-section-height-default elementor-section-height-default\" data-id=\"92ef320\" data-element_type=\"section\">\n\t\t\t\t\t\t<div class=\"elementor-container elementor-column-gap-default\">\n\t\t\t\t\t<div class=\"elementor-column elementor-col-100 elementor-top-column elementor-element elementor-element-af09d68\" data-id=\"af09d68\" data-element_type=\"column\">\n\t\t\t<div class=\"elementor-widget-wrap elementor-element-populated\">\n\t\t\t\t\t\t<div class=\"elementor-element elementor-element-50217ed elementor-widget elementor-widget-shortcode\" data-id=\"50217ed\" data-element_type=\"widget\" data-widget_type=\"shortcode.default\">\n\t\t\t\t<div class=\"elementor-widget-container\">\n\t\t\t\t\t\t\t<div class=\"elementor-shortcode\"><div><div class=\"post\"><a target=\"_blank\" href=\"https:\/\/fondation-nicolasgigot.org\/wp-content\/uploads\/2025\/04\/La-Fondation-Nicolas-Gigot-offre-un-appareil-Tobii-au-CHR.pdf\"><div class=\"post_thumb\" style=\"background-image: url(https:\/\/fondation-nicolasgigot.org\/wp-content\/uploads\/2025\/04\/La-Fondation-Nicolas-Gigot-offre-un-appareil-Tobii-au-CHR.jpeg)\">\n\t\t\t\t\t<span>12\/02\/2025<\/span>\n\t\t\t\t\t<\/div><\/a><article><div class=\"quotidien\">\n\t\t\t\t\t\t<img decoding=\"async\" src=\"https:\/\/fondation-nicolasgigot.org\/wp-content\/uploads\/2021\/05\/sudinfo.jpeg\" width=\"25\" height=\"25\"\/>\n\t\t\t\t\t\t<span>SudInfo<\/span>\n\t\t\t\t\t<\/div><h3>La Fondation Nicolas Gigot offre un appareil \u00ab Tobii \u00bb au CHR<\/h3><div class=\"content\">Le 18 juillet 2019, Nicolas Gigot, un rugbyman originaire de la r\u00e9gion li\u00e9geoise, d\u00e9c\u00e9dait \u00e0 l\u2019\u00e2ge de 19 ans. Victime d\u2019une hyperthermie lors d\u2019un jogging avec son \u00e9quipe de rugby en France, il avait \u00e9t\u00e9 hospitalis\u00e9 pendant 33 jours et avait subi une s\u00e9rie d\u2019amputations successives avant de s\u2019\u00e9teindre.<\/div><\/article><a href='https:\/\/fondation-nicolasgigot.org\/wp-content\/uploads\/2025\/04\/La-Fondation-Nicolas-Gigot-offre-un-appareil-Tobii-au-CHR.pdf' target='_blank'>Afficher l'article<\/a><\/div><div class=\"post\"><a target=\"_blank\" href=\"https:\/\/fondation-nicolasgigot.org\/wp-content\/uploads\/2025\/04\/2024-06-05-Remise-cheque-Fondation-Nicolas-Gigot.pdf\"><div class=\"post_thumb\" style=\"background-image: url(https:\/\/fondation-nicolasgigot.org\/wp-content\/uploads\/2024\/06\/Droles-de-Couples.jpg)\">\n\t\t\t\t\t<span>12\/06\/2024<\/span>\n\t\t\t\t\t<\/div><\/a><article><div class=\"quotidien\">\n\t\t\t\t\t\t<img decoding=\"async\" src=\"https:\/\/fondation-nicolasgigot.org\/wp-content\/uploads\/2025\/04\/VLAN_logo.svg.png\" width=\"25\" height=\"25\"\/>\n\t\t\t\t\t\t<span>Vlan<\/span>\n\t\t\t\t\t<\/div><h3>4.000 euros pour la Fondation Nicolas Gigot<\/h3><div class=\"content\">Avec le soutien de la commune d'Esneux, au mois d'avril dernier, le Petit Th\u00e9\u00e2tre d'Esneux a pr\u00e9sent\u00e9 \"Dr\u00f4les de Couples\", com\u00e9die de Vincent Durand. En six repr\u00e9sentations qui ont connu un r\u00e9el succ\u00e8s populaire.<\/div><\/article><a href='https:\/\/fondation-nicolasgigot.org\/wp-content\/uploads\/2025\/04\/2024-06-05-Remise-cheque-Fondation-Nicolas-Gigot.pdf' target='_blank'>Afficher l'article<\/a><\/div><div class=\"post\"><a target=\"_blank\" href=\"https:\/\/www.sudinfo.be\/id799435\/article\/2024-02-28\/economie-sport-culture-citoyennete-et-commerce-voici-les-nomines-au-liegeois-de\"><div class=\"post_thumb\" style=\"background-image: url(https:\/\/fondation-nicolasgigot.org\/wp-content\/uploads\/2024\/04\/Screenshot-2024-04-03-112532.jpg)\">\n\t\t\t\t\t<span>28\/02\/2024<\/span>\n\t\t\t\t\t<\/div><\/a><article><div class=\"quotidien\">\n\t\t\t\t\t\t<img decoding=\"async\" src=\"https:\/\/fondation-nicolasgigot.org\/wp-content\/uploads\/2021\/05\/sudinfo.jpeg\" width=\"25\" height=\"25\"\/>\n\t\t\t\t\t\t<span>SudInfo<\/span>\n\t\t\t\t\t<\/div><h3>\u00c9conomie, Sport, Culture, Citoyennet\u00e9 et Commerce : voici les nomin\u00e9s au Li\u00e9geois de l\u2019Ann\u00e9e de La Meuse<\/h3><div class=\"content\">Suite au d\u00e9c\u00e8s tragique de son fils, un jeune rugbyman, Nadine Brialmont a d\u00e9cid\u00e9 de cr\u00e9er la \u00ab Fondation Nicolas Gigot \u00bb. Celle-ci \u0153uvre notamment pour aider les personnes intub\u00e9es, en offrant des machines Tobii aux h\u00f4pitaux belges et fran\u00e7ais.<\/div><\/article><a href='https:\/\/www.sudinfo.be\/id799435\/article\/2024-02-28\/economie-sport-culture-citoyennete-et-commerce-voici-les-nomines-au-liegeois-de' target='_blank'>Afficher l'article<\/a><\/div><div class=\"post\"><a target=\"_blank\" href=\"http:\/\/fondation-nicolasgigot.org\/wp-content\/uploads\/2021\/07\/2021-07-10-lameuse.jpg\"><div class=\"post_thumb\" style=\"background-image: url(https:\/\/fondation-nicolasgigot.org\/wp-content\/uploads\/2021\/07\/2021-07-10-lameuse.jpg)\">\n\t\t\t\t\t<span>10\/07\/2021<\/span>\n\t\t\t\t\t<\/div><\/a><article><div class=\"quotidien\">\n\t\t\t\t\t\t<img decoding=\"async\" src=\"https:\/\/fondation-nicolasgigot.org\/wp-content\/uploads\/2021\/07\/la-meuse-logo.jpg\" width=\"25\" height=\"25\"\/>\n\t\t\t\t\t\t<span>La Meuse<\/span>\n\t\t\t\t\t<\/div><h3>Un an apr\u00e8s son d\u00e9c\u00e8s, Nicolas continue d&#8217;aider<\/h3><div class=\"content\">Via sa fondation, la maman du jeune Esneutois d\u00e9c\u00e9d\u00e9 des suites d'une hyperthermie a d\u00e9cid\u00e9 d'offrir un joli cadeau au CHU du Sart Tilman.<\/div><\/article><a href='http:\/\/fondation-nicolasgigot.org\/wp-content\/uploads\/2021\/07\/2021-07-10-lameuse.jpg' target='_blank'>Afficher l'article<\/a><\/div><div class=\"post\"><a target=\"_blank\" href=\"https:\/\/www.leprogres.fr\/sport\/2021\/07\/10\/la-fondation-nicolas-gigot-a-son-site-internet\"><div class=\"post_thumb\" style=\"background-image: url(https:\/\/fondation-nicolasgigot.org\/wp-content\/uploads\/2021\/07\/title-1625924442.jpg)\">\n\t\t\t\t\t<span>10\/07\/2021<\/span>\n\t\t\t\t\t<\/div><\/a><article><div class=\"quotidien\">\n\t\t\t\t\t\t<img loading=\"lazy\" decoding=\"async\" src=\"https:\/\/fondation-nicolasgigot.org\/wp-content\/uploads\/2021\/07\/logo-le-progres.jpg\" width=\"25\" height=\"25\"\/>\n\t\t\t\t\t\t<span>Le Progr\u00e8s<\/span>\n\t\t\t\t\t<\/div><h3>La fondation Nicolas Gigot a son site Internet<\/h3><div class=\"content\">Voil\u00e0 bient\u00f4t un an que le jeune rugbyman belge Nicolas Gigot, espoir de l\u2019USBPA, est d\u00e9c\u00e9d\u00e9. Une fondation a \u00e9t\u00e9 cr\u00e9\u00e9e par sa m\u00e8re dans les semaines qui ont suivi. Aujourd'hui, un site Internet vient d'ouvrir.<\/div><\/article><a href='https:\/\/www.leprogres.fr\/sport\/2021\/07\/10\/la-fondation-nicolas-gigot-a-son-site-internet' target='_blank'>Afficher l'article<\/a><\/div><div class=\"post\"><a target=\"_blank\" href=\"https:\/\/www.sportkipik.be\/la-fondation-nicolas-gigot-lance-son-site-et\"><div class=\"post_thumb\" style=\"background-image: url(https:\/\/fondation-nicolasgigot.org\/wp-content\/uploads\/2021\/07\/arton13479.jpg)\">\n\t\t\t\t\t<span>09\/07\/2021<\/span>\n\t\t\t\t\t<\/div><\/a><article><div class=\"quotidien\">\n\t\t\t\t\t\t<img loading=\"lazy\" decoding=\"async\" src=\"https:\/\/fondation-nicolasgigot.org\/wp-content\/uploads\/2021\/05\/ppoIyhFB_400x400.png\" width=\"25\" height=\"25\"\/>\n\t\t\t\t\t\t<span>SportKipik<\/span>\n\t\t\t\t\t<\/div><h3>La Fondation Nicolas Gigot lance son site et perp\u00e9tue la m\u00e9moire du jeune international belge<\/h3><div class=\"content\">La fondation Nicolas Gigot, cr\u00e9\u00e9e suite au d\u00e9c\u00e8s il y a pr\u00e8s d\u2019un an du jeune international belge de rugby, dispose d\u00e9sormais de son site officiel. Un don de 0,50 \u20ac par inscription sera vers\u00e9 afin de contribuer au financement des actions de la fondation.<\/div><\/article><a href='https:\/\/www.sportkipik.be\/la-fondation-nicolas-gigot-lance-son-site-et' target='_blank'>Afficher l'article<\/a><\/div><\/div><div class=\"nav\"><span aria-current=\"page\" class=\"page-numbers current\">1<\/span>\n<a class=\"page-numbers\" href=\"https:\/\/fondation-nicolasgigot.org\/de\/wp-json\/wp\/v2\/pages\/2877\/\/page\/2\">2<\/a>\n<a class=\"page-numbers\" href=\"https:\/\/fondation-nicolasgigot.org\/de\/wp-json\/wp\/v2\/pages\/2877\/\/page\/3\">3<\/a>\n<span class=\"page-numbers dots\">&hellip;<\/span>\n<a class=\"page-numbers\" href=\"https:\/\/fondation-nicolasgigot.org\/de\/wp-json\/wp\/v2\/pages\/2877\/\/page\/7\">7<\/a>\n<a class=\"next page-numbers\" href=\"https:\/\/fondation-nicolasgigot.org\/de\/wp-json\/wp\/v2\/pages\/2877\/\/page\/2\">Suivant \u00bb<\/a><\/div><\/div>\n\t\t\t\t\t\t<\/div>\n\t\t\t\t<\/div>\n\t\t\t\t\t<\/div>\n\t\t<\/div>\n\t\t\t\t\t<\/div>\n\t\t<\/section>\n\t\t\t\t<\/div>\n\t\t","protected":false},"excerpt":{"rendered":"<p>Alle Elemente<\/p>\n","protected":false},"author":1,"featured_media":2015,"parent":0,"menu_order":0,"comment_status":"closed","ping_status":"closed","template":"","meta":{"_acf_changed":false,"give_campaign_id":0,"footnotes":""},"class_list":["post-2877","page","type-page","status-publish","has-post-thumbnail","hentry"],"acf":[],"yoast_head":"<!-- This site is optimized with the Yoast SEO plugin v25.1 - https:\/\/yoast.com\/wordpress\/plugins\/seo\/ -->\n<title>Die Presse spricht \u00fcber die Stiftung | Fondation Nicolas Gigot<\/title>\n<meta name=\"description\" content=\"Die Geschichte von Nicolas hat sehr viele Menschen ersch\u00fcttert. In der Presse erschienen zahlreiche Artikel \u00fcber ihn. Finden Sie sie auf dieser Seite.\" \/>\n<meta name=\"robots\" content=\"index, follow, max-snippet:-1, max-image-preview:large, max-video-preview:-1\" \/>\n<link rel=\"canonical\" href=\"https:\/\/fondation-nicolasgigot.org\/de\/lesen-sie-die-pressestimmen\/\" \/>\n<meta property=\"og:locale\" content=\"de_DE\" \/>\n<meta property=\"og:type\" content=\"article\" \/>\n<meta property=\"og:title\" content=\"Die Presse spricht \u00fcber die Stiftung | Fondation Nicolas Gigot\" \/>\n<meta property=\"og:description\" content=\"Die Geschichte von Nicolas hat sehr viele Menschen ersch\u00fcttert. In der Presse erschienen zahlreiche Artikel \u00fcber ihn. Finden Sie sie auf dieser Seite.\" \/>\n<meta property=\"og:url\" content=\"https:\/\/fondation-nicolasgigot.org\/de\/lesen-sie-die-pressestimmen\/\" \/>\n<meta property=\"og:site_name\" content=\"Fondation Nicolas Gigot\" \/>\n<meta property=\"article:modified_time\" content=\"2024-04-11T11:56:31+00:00\" \/>\n<meta property=\"og:image\" content=\"https:\/\/fondation-nicolasgigot.org\/wp-content\/uploads\/2021\/04\/announcement-3509489_1920.jpg\" \/>\n\t<meta property=\"og:image:width\" content=\"1920\" \/>\n\t<meta property=\"og:image:height\" content=\"1327\" \/>\n\t<meta property=\"og:image:type\" content=\"image\/jpeg\" \/>\n<meta name=\"twitter:card\" content=\"summary_large_image\" \/>\n<script type=\"application\/ld+json\" class=\"yoast-schema-graph\">{\"@context\":\"https:\/\/schema.org\",\"@graph\":[{\"@type\":\"WebPage\",\"@id\":\"https:\/\/fondation-nicolasgigot.org\/de\/lesen-sie-die-pressestimmen\/\",\"url\":\"https:\/\/fondation-nicolasgigot.org\/de\/lesen-sie-die-pressestimmen\/\",\"name\":\"Die Presse spricht \u00fcber die Stiftung | Fondation Nicolas Gigot\",\"isPartOf\":{\"@id\":\"https:\/\/fondation-nicolasgigot.org\/de\/#website\"},\"primaryImageOfPage\":{\"@id\":\"https:\/\/fondation-nicolasgigot.org\/de\/lesen-sie-die-pressestimmen\/#primaryimage\"},\"image\":{\"@id\":\"https:\/\/fondation-nicolasgigot.org\/de\/lesen-sie-die-pressestimmen\/#primaryimage\"},\"thumbnailUrl\":\"https:\/\/fondation-nicolasgigot.org\/wp-content\/uploads\/2021\/04\/announcement-3509489_1920.jpg\",\"datePublished\":\"2021-06-11T14:51:47+00:00\",\"dateModified\":\"2024-04-11T11:56:31+00:00\",\"description\":\"Die Geschichte von Nicolas hat sehr viele Menschen ersch\u00fcttert. In der Presse erschienen zahlreiche Artikel \u00fcber ihn. Finden Sie sie auf dieser Seite.\",\"breadcrumb\":{\"@id\":\"https:\/\/fondation-nicolasgigot.org\/de\/lesen-sie-die-pressestimmen\/#breadcrumb\"},\"inLanguage\":\"de\",\"potentialAction\":[{\"@type\":\"ReadAction\",\"target\":[\"https:\/\/fondation-nicolasgigot.org\/de\/lesen-sie-die-pressestimmen\/\"]}]},{\"@type\":\"ImageObject\",\"inLanguage\":\"de\",\"@id\":\"https:\/\/fondation-nicolasgigot.org\/de\/lesen-sie-die-pressestimmen\/#primaryimage\",\"url\":\"https:\/\/fondation-nicolasgigot.org\/wp-content\/uploads\/2021\/04\/announcement-3509489_1920.jpg\",\"contentUrl\":\"https:\/\/fondation-nicolasgigot.org\/wp-content\/uploads\/2021\/04\/announcement-3509489_1920.jpg\",\"width\":1920,\"height\":1327},{\"@type\":\"BreadcrumbList\",\"@id\":\"https:\/\/fondation-nicolasgigot.org\/de\/lesen-sie-die-pressestimmen\/#breadcrumb\",\"itemListElement\":[{\"@type\":\"ListItem\",\"position\":1,\"name\":\"Accueil\",\"item\":\"https:\/\/fondation-nicolasgigot.org\/de\/\"},{\"@type\":\"ListItem\",\"position\":2,\"name\":\"Lesen Sie die Pressestimmen\"}]},{\"@type\":\"WebSite\",\"@id\":\"https:\/\/fondation-nicolasgigot.org\/de\/#website\",\"url\":\"https:\/\/fondation-nicolasgigot.org\/de\/\",\"name\":\"Fondation Nicolas Gigot\",\"description\":\"\",\"publisher\":{\"@id\":\"https:\/\/fondation-nicolasgigot.org\/de\/#organization\"},\"potentialAction\":[{\"@type\":\"SearchAction\",\"target\":{\"@type\":\"EntryPoint\",\"urlTemplate\":\"https:\/\/fondation-nicolasgigot.org\/de\/?s={search_term_string}\"},\"query-input\":{\"@type\":\"PropertyValueSpecification\",\"valueRequired\":true,\"valueName\":\"search_term_string\"}}],\"inLanguage\":\"de\"},{\"@type\":\"Organization\",\"@id\":\"https:\/\/fondation-nicolasgigot.org\/de\/#organization\",\"name\":\"Fondation Nicolas Gigot\",\"url\":\"https:\/\/fondation-nicolasgigot.org\/de\/\",\"logo\":{\"@type\":\"ImageObject\",\"inLanguage\":\"de\",\"@id\":\"https:\/\/fondation-nicolasgigot.org\/de\/#\/schema\/logo\/image\/\",\"url\":\"https:\/\/fondation-nicolasgigot.org\/wp-content\/uploads\/2021\/04\/Groupe-32.svg\",\"contentUrl\":\"https:\/\/fondation-nicolasgigot.org\/wp-content\/uploads\/2021\/04\/Groupe-32.svg\",\"width\":1,\"height\":1,\"caption\":\"Fondation Nicolas Gigot\"},\"image\":{\"@id\":\"https:\/\/fondation-nicolasgigot.org\/de\/#\/schema\/logo\/image\/\"}}]}<\/script>\n<!-- \/ Yoast SEO plugin. -->","yoast_head_json":{"title":"Die Presse spricht \u00fcber die Stiftung | Fondation Nicolas Gigot","description":"Die Geschichte von Nicolas hat sehr viele Menschen ersch\u00fcttert. In der Presse erschienen zahlreiche Artikel \u00fcber ihn. Finden Sie sie auf dieser Seite.","robots":{"index":"index","follow":"follow","max-snippet":"max-snippet:-1","max-image-preview":"max-image-preview:large","max-video-preview":"max-video-preview:-1"},"canonical":"https:\/\/fondation-nicolasgigot.org\/de\/lesen-sie-die-pressestimmen\/","og_locale":"de_DE","og_type":"article","og_title":"Die Presse spricht \u00fcber die Stiftung | Fondation Nicolas Gigot","og_description":"Die Geschichte von Nicolas hat sehr viele Menschen ersch\u00fcttert. In der Presse erschienen zahlreiche Artikel \u00fcber ihn. Finden Sie sie auf dieser Seite.","og_url":"https:\/\/fondation-nicolasgigot.org\/de\/lesen-sie-die-pressestimmen\/","og_site_name":"Fondation Nicolas Gigot","article_modified_time":"2024-04-11T11:56:31+00:00","og_image":[{"width":1920,"height":1327,"url":"https:\/\/fondation-nicolasgigot.org\/wp-content\/uploads\/2021\/04\/announcement-3509489_1920.jpg","type":"image\/jpeg"}],"twitter_card":"summary_large_image","schema":{"@context":"https:\/\/schema.org","@graph":[{"@type":"WebPage","@id":"https:\/\/fondation-nicolasgigot.org\/de\/lesen-sie-die-pressestimmen\/","url":"https:\/\/fondation-nicolasgigot.org\/de\/lesen-sie-die-pressestimmen\/","name":"Die Presse spricht \u00fcber die Stiftung | Fondation Nicolas Gigot","isPartOf":{"@id":"https:\/\/fondation-nicolasgigot.org\/de\/#website"},"primaryImageOfPage":{"@id":"https:\/\/fondation-nicolasgigot.org\/de\/lesen-sie-die-pressestimmen\/#primaryimage"},"image":{"@id":"https:\/\/fondation-nicolasgigot.org\/de\/lesen-sie-die-pressestimmen\/#primaryimage"},"thumbnailUrl":"https:\/\/fondation-nicolasgigot.org\/wp-content\/uploads\/2021\/04\/announcement-3509489_1920.jpg","datePublished":"2021-06-11T14:51:47+00:00","dateModified":"2024-04-11T11:56:31+00:00","description":"Die Geschichte von Nicolas hat sehr viele Menschen ersch\u00fcttert. In der Presse erschienen zahlreiche Artikel \u00fcber ihn. Finden Sie sie auf dieser Seite.","breadcrumb":{"@id":"https:\/\/fondation-nicolasgigot.org\/de\/lesen-sie-die-pressestimmen\/#breadcrumb"},"inLanguage":"de","potentialAction":[{"@type":"ReadAction","target":["https:\/\/fondation-nicolasgigot.org\/de\/lesen-sie-die-pressestimmen\/"]}]},{"@type":"ImageObject","inLanguage":"de","@id":"https:\/\/fondation-nicolasgigot.org\/de\/lesen-sie-die-pressestimmen\/#primaryimage","url":"https:\/\/fondation-nicolasgigot.org\/wp-content\/uploads\/2021\/04\/announcement-3509489_1920.jpg","contentUrl":"https:\/\/fondation-nicolasgigot.org\/wp-content\/uploads\/2021\/04\/announcement-3509489_1920.jpg","width":1920,"height":1327},{"@type":"BreadcrumbList","@id":"https:\/\/fondation-nicolasgigot.org\/de\/lesen-sie-die-pressestimmen\/#breadcrumb","itemListElement":[{"@type":"ListItem","position":1,"name":"Accueil","item":"https:\/\/fondation-nicolasgigot.org\/de\/"},{"@type":"ListItem","position":2,"name":"Lesen Sie die Pressestimmen"}]},{"@type":"WebSite","@id":"https:\/\/fondation-nicolasgigot.org\/de\/#website","url":"https:\/\/fondation-nicolasgigot.org\/de\/","name":"Fondation Nicolas Gigot","description":"","publisher":{"@id":"https:\/\/fondation-nicolasgigot.org\/de\/#organization"},"potentialAction":[{"@type":"SearchAction","target":{"@type":"EntryPoint","urlTemplate":"https:\/\/fondation-nicolasgigot.org\/de\/?s={search_term_string}"},"query-input":{"@type":"PropertyValueSpecification","valueRequired":true,"valueName":"search_term_string"}}],"inLanguage":"de"},{"@type":"Organization","@id":"https:\/\/fondation-nicolasgigot.org\/de\/#organization","name":"Fondation Nicolas Gigot","url":"https:\/\/fondation-nicolasgigot.org\/de\/","logo":{"@type":"ImageObject","inLanguage":"de","@id":"https:\/\/fondation-nicolasgigot.org\/de\/#\/schema\/logo\/image\/","url":"https:\/\/fondation-nicolasgigot.org\/wp-content\/uploads\/2021\/04\/Groupe-32.svg","contentUrl":"https:\/\/fondation-nicolasgigot.org\/wp-content\/uploads\/2021\/04\/Groupe-32.svg","width":1,"height":1,"caption":"Fondation Nicolas Gigot"},"image":{"@id":"https:\/\/fondation-nicolasgigot.org\/de\/#\/schema\/logo\/image\/"}}]}},"campaignId":"","_links":{"self":[{"href":"https:\/\/fondation-nicolasgigot.org\/de\/wp-json\/wp\/v2\/pages\/2877","targetHints":{"allow":["GET"]}}],"collection":[{"href":"https:\/\/fondation-nicolasgigot.org\/de\/wp-json\/wp\/v2\/pages"}],"about":[{"href":"https:\/\/fondation-nicolasgigot.org\/de\/wp-json\/wp\/v2\/types\/page"}],"author":[{"embeddable":true,"href":"https:\/\/fondation-nicolasgigot.org\/de\/wp-json\/wp\/v2\/users\/1"}],"replies":[{"embeddable":true,"href":"https:\/\/fondation-nicolasgigot.org\/de\/wp-json\/wp\/v2\/comments?post=2877"}],"version-history":[{"count":3,"href":"https:\/\/fondation-nicolasgigot.org\/de\/wp-json\/wp\/v2\/pages\/2877\/revisions"}],"predecessor-version":[{"id":2880,"href":"https:\/\/fondation-nicolasgigot.org\/de\/wp-json\/wp\/v2\/pages\/2877\/revisions\/2880"}],"wp:featuredmedia":[{"embeddable":true,"href":"https:\/\/fondation-nicolasgigot.org\/de\/wp-json\/wp\/v2\/media\/2015"}],"wp:attachment":[{"href":"https:\/\/fondation-nicolasgigot.org\/de\/wp-json\/wp\/v2\/media?parent=2877"}],"curies":[{"name":"wp","href":"https:\/\/api.w.org\/{rel}","templated":true}]}}